{"id":3300,"date":"2022-11-23T13:20:56","date_gmt":"2022-11-23T12:20:56","guid":{"rendered":"https:\/\/staging.fabotape.com\/?page_id=3300"},"modified":"2022-11-23T15:31:46","modified_gmt":"2022-11-23T14:31:46","slug":"durabilite","status":"publish","type":"page","link":"https:\/\/staging.fabotape.com\/fr\/durabilite\/","title":{"rendered":"Durabilit\u00e9"},"content":{"rendered":"<p>[vc_row full_width=\u00a0\u00bbstretch_row_content_no_spaces\u00a0\u00bb el_class=\u00a0\u00bbbg-grigio-destra bg-grigio\u00a0\u00bb][vc_column][vc_row_inner content_placement=\u00a0\u00bbtop\u00a0\u00bb el_class=\u00a0\u00bbriga-testo-due-colonne in-grid riga-produzione-grigia\u00a0\u00bb][vc_column_inner width=\u00a0\u00bb5\/12&Prime; offset=\u00a0\u00bbvc_col-lg-offset-1 vc_col-lg-5 vc_col-md-offset-1 vc_col-md-5 vc_col-sm-offset-1 vc_col-xs-12&Prime; css=\u00a0\u00bb.vc_custom_1517569050020{padding-right: 30px !important;}\u00a0\u00bb][vc_column_text el_class=\u00a0\u00bblabel-riga\u00a0\u00bb][\/vc_column_text][vc_column_text]<\/p>\n<h3>\u00ab Fabo fait de la durabilit\u00e9 un levier strat\u00e9gique de d\u00e9veloppement et de croissance \u00bb<\/h3>\n<p>[\/vc_column_text][\/vc_column_inner][vc_column_inner width=\u00a0\u00bb5\/12&Prime; offset=\u00a0\u00bbvc_col-lg-5 vc_col-md-5 vc_col-xs-12&Prime;][vc_column_text]La croissance de FABO a toujours \u00e9t\u00e9 accompagn\u00e9e d&rsquo;une attention constante sur le <strong>th\u00e8me de la durabilit\u00e9 environnementale<\/strong>: c&rsquo;est pourquoi Fabo a toujours poursuivi une politique d&rsquo;entreprise bas\u00e9e sur l&rsquo;\u00e9limination des d\u00e9chets, en essayant de minimiser l\u2019impact de ses activit\u00e9s sur l&rsquo;environnement.[\/vc_column_text][\/vc_column_inner][\/vc_row_inner][vc_row_inner el_class=\u00a0\u00bbgalleria-immagini\u00a0\u00bb][vc_column_inner width=\u00a0\u00bb1\/3&Prime; offset=\u00a0\u00bbvc_hidden-xs\u00a0\u00bb][vc_single_image image=\u00a0\u00bb2991&Prime; img_size=\u00a0\u00bbfull\u00a0\u00bb][\/vc_column_inner][vc_column_inner width=\u00a0\u00bb1\/3&Prime; offset=\u00a0\u00bbvc_hidden-xs\u00a0\u00bb][vc_single_image image=\u00a0\u00bb3056&Prime; img_size=\u00a0\u00bbfull\u00a0\u00bb][\/vc_column_inner][vc_column_inner width=\u00a0\u00bb1\/3&Prime;][vc_single_image image=\u00a0\u00bb294&Prime; img_size=\u00a0\u00bbfull\u00a0\u00bb][\/vc_column_inner][\/vc_row_inner][\/vc_column][\/vc_row][vc_row full_width=\u00a0\u00bbstretch_row_content_no_spaces\u00a0\u00bb el_class=\u00a0\u00bbbg-grigio-sinistra bg-grigio\u00a0\u00bb][vc_column][vc_row_inner equal_height=\u00a0\u00bbyes\u00a0\u00bb content_placement=\u00a0\u00bbtop\u00a0\u00bb el_class=\u00a0\u00bbriga-testo-due-colonne in-grid riga-produzione-grigia\u00a0\u00bb][vc_column_inner width=\u00a0\u00bb5\/12&Prime; offset=\u00a0\u00bbvc_col-lg-offset-1 vc_col-lg-5 vc_col-md-offset-1 vc_col-md-5 vc_col-sm-offset-1 vc_col-xs-12&Prime; css=\u00a0\u00bb.vc_custom_1517569121617{padding-right: 30px !important;}\u00a0\u00bb][vc_column_text el_class=\u00a0\u00bblabel-riga\u00a0\u00bb]<\/p>\n<p class=\"P68B1DB1-Normale4\"><span lang=\"FR\">\u00c9CONOMIES D\u2019\u00c9NERGIE<\/span><\/p>\n<p>[\/vc_column_text][vc_column_text]<\/p>\n<h3>Les actions de Fabo dans cette direction\u00a0:<\/h3>\n<ul>\n<li><strong>Depuis 2013<\/strong> , des <strong>panneaux photovolta\u00efques<\/strong> d&rsquo;une capacit\u00e9 de 196 kW ont \u00e9t\u00e9 install\u00e9s sur le site de Larciano (PT), ce qui r\u00e9duit l\u2019empreinte carbone d&rsquo;environ 92 tonnes par an, soit 9,9 % du total des \u00e9missions dues \u00e0 l&rsquo;\u00e9nergie \u00e9lectrique achet\u00e9e.<\/li>\n<li>En<strong> 2015<\/strong> , un <strong>programme de r\u00e9cup\u00e9ration des solvants <\/strong>a \u00e9t\u00e9 mis en place qui permet de r\u00e9cup\u00e9rer 94 % des hydrocarbures utilis\u00e9s dans la production.<\/li>\n<\/ul>\n<p>[\/vc_column_text][\/vc_column_inner][vc_column_inner width=\u00a0\u00bb5\/12&Prime; offset=\u00a0\u00bbvc_col-lg-5 vc_col-md-5 vc_col-xs-12&Prime;][vc_column_text]<\/p>\n<ul>\n<li>Depuis 2018, tous les d\u00e9partements de production et les bureaux sont \u00e9quip\u00e9s de <strong>syst\u00e8mes d&rsquo;\u00e9clairage \u00e0 faible consommation d&rsquo;\u00e9nergie (LED) .<\/strong><\/li>\n<li>Depuis <strong>2020 <\/strong>un syst\u00e8me de trig\u00e9n\u00e9ration <strong>a \u00e9t\u00e9 install\u00e9 <\/strong>de 1MW<strong>: <\/strong>il permet l&rsquo;autoproduction combin\u00e9e d&rsquo;\u00e9nergie \u00e9lectrique, thermique et frigorifique. Le syst\u00e8me de trig\u00e9n\u00e9rateur a g\u00e9n\u00e9r\u00e9 des <strong>\u00e9conomies d&rsquo;\u00e9nergie de 25 % par rapport aux ann\u00e9es pr\u00e9c\u00e9dentes.<\/strong><\/li>\n<li>En 2021, les voitures d&rsquo;entreprise ont \u00e9t\u00e9 remplac\u00e9es par des <strong>voitures \u00e0 technologie hybride<\/strong>, c&rsquo;est-\u00e0-dire avec moteur thermique et \u00e9lectrique int\u00e9gr\u00e9s, en \u00e9quipant le parking de l&rsquo;entreprise de bornes de recharge sp\u00e9ciales.<\/li>\n<\/ul>\n<p>Gr\u00e2ce \u00e0 son syst\u00e8me photovolta\u00efque et \u00e0 son trig\u00e9n\u00e9rateur,\u00a0 <strong>Fabo est en mesure d&rsquo;autoproduire environ 90 % de l&rsquo;\u00e9nergie consomm\u00e9e<\/strong><strong>.<\/strong> Une \u00e9tape importante en mati\u00e8re d&rsquo;efficacit\u00e9 industrielle.[\/vc_column_text][\/vc_column_inner][\/vc_row_inner][vc_row_inner el_class=\u00a0\u00bbgalleria-immagini\u00a0\u00bb][vc_column_inner width=\u00a0\u00bb1\/3&Prime; offset=\u00a0\u00bbvc_hidden-xs\u00a0\u00bb][vc_single_image image=\u00a0\u00bb3077&Prime; img_size=\u00a0\u00bbfull\u00a0\u00bb][\/vc_column_inner][vc_column_inner width=\u00a0\u00bb1\/3&Prime;][vc_single_image image=\u00a0\u00bb3081&Prime; img_size=\u00a0\u00bbfull\u00a0\u00bb][\/vc_column_inner][vc_column_inner width=\u00a0\u00bb1\/3&Prime; offset=\u00a0\u00bbvc_hidden-xs\u00a0\u00bb][vc_single_image image=\u00a0\u00bb3073&Prime; img_size=\u00a0\u00bbfull\u00a0\u00bb][\/vc_column_inner][\/vc_row_inner][\/vc_column][\/vc_row][vc_row full_width=\u00a0\u00bbstretch_row_content_no_spaces\u00a0\u00bb el_class=\u00a0\u00bbbg-grigio-destra bg-grigio\u00a0\u00bb css=\u00a0\u00bb.vc_custom_1664183921145{margin-bottom: 0px !important;border-bottom-width: 0px !important;}\u00a0\u00bb][vc_column][vc_row_inner equal_height=\u00a0\u00bbyes\u00a0\u00bb content_placement=\u00a0\u00bbtop\u00a0\u00bb el_class=\u00a0\u00bbriga-testo-due-colonne in-grid riga-produzione-grigia\u00a0\u00bb][vc_column_inner width=\u00a0\u00bb5\/12&Prime; offset=\u00a0\u00bbvc_col-lg-offset-1 vc_col-lg-5 vc_col-md-offset-1 vc_col-md-5 vc_col-sm-offset-1 vc_col-xs-12&Prime; css=\u00a0\u00bb.vc_custom_1517569423509{padding-right: 20px !important;}\u00a0\u00bb][vc_column_text el_class=\u00a0\u00bblabel-riga\u00a0\u00bb]<\/p>\n<p class=\"P68B1DB1-Normale4\"><span lang=\"FR\">RECYCLAGE<\/span><\/p>\n<p>[\/vc_column_text][vc_column_text]<\/p>\n<h3 class=\"P68B1DB1-Normale3\"><span lang=\"FR\">Du point de vue du recyclage, les actions de Fabo\u00a0:<\/span><\/h3>\n<p>[\/vc_column_text][vc_column_text][\/vc_column_text][\/vc_column_inner][vc_column_inner width=\u00a0\u00bb5\/12&Prime; offset=\u00a0\u00bbvc_col-lg-5 vc_col-md-5 vc_col-xs-12&Prime;][vc_column_text]<\/p>\n<ul>\n<li><strong>Recyclage des d\u00e9chets de fabrication\u00a0:<\/strong> les mati\u00e8res plastiques issues des d\u00e9chets de fabrication sont confi\u00e9es \u00e0 des entreprises sp\u00e9cialis\u00e9es dans le traitement puis r\u00e9utilis\u00e9es.<\/li>\n<li><strong>Collecte s\u00e9par\u00e9e \u00e0 l&rsquo;int\u00e9rieur des bureaux, <\/strong>pr\u00e9paration de conteneurs pour la collecte s\u00e9par\u00e9e \u00e0 c\u00f4t\u00e9 des distributeurs automatiques de boissons et de collations.<\/li>\n<li>Imprimer avec mod\u00e9ration, r\u00e9utiliser les feuilles de papier imprim\u00e9 pour prendre des notes, remplacer les agendas papier par des agendas num\u00e9riques ne sont que quelques-unes des actions visant \u00e0<strong> minimiser la consommation de papier<\/strong>\u00e0 l&rsquo;int\u00e9rieur des bureaux\u00a0;<\/li>\n<\/ul>\n<p>[\/vc_column_text][\/vc_column_inner][\/vc_row_inner][vc_row_inner el_class=\u00a0\u00bbgalleria-immagini\u00a0\u00bb][vc_column_inner width=\u00a0\u00bb1\/3&Prime;][vc_single_image image=\u00a0\u00bb3016&Prime; img_size=\u00a0\u00bbfull\u00a0\u00bb][\/vc_column_inner][vc_column_inner width=\u00a0\u00bb1\/3&Prime; offset=\u00a0\u00bbvc_hidden-xs\u00a0\u00bb][vc_single_image image=\u00a0\u00bb3020&Prime; img_size=\u00a0\u00bbfull\u00a0\u00bb][\/vc_column_inner][vc_column_inner width=\u00a0\u00bb1\/3&Prime; offset=\u00a0\u00bbvc_hidden-xs\u00a0\u00bb][vc_single_image image=\u00a0\u00bb3068&Prime; img_size=\u00a0\u00bbfull\u00a0\u00bb][\/vc_column_inner][\/vc_row_inner][vc_row_inner equal_height=\u00a0\u00bbyes\u00a0\u00bb content_placement=\u00a0\u00bbtop\u00a0\u00bb el_class=\u00a0\u00bbriga-testo-due-colonne in-grid riga-produzione-grigia\u00a0\u00bb][vc_column_inner width=\u00a0\u00bb5\/12&Prime; offset=\u00a0\u00bbvc_col-lg-offset-1 vc_col-lg-5 vc_col-md-offset-1 vc_col-md-5 vc_col-sm-offset-1 vc_col-xs-12&Prime; css=\u00a0\u00bb.vc_custom_1517569121617{padding-right: 30px !important;}\u00a0\u00bb][vc_column_text el_class=\u00a0\u00bblabel-riga\u00a0\u00bb]<\/p>\n<p class=\"P68B1DB1-Normale4\"><span lang=\"FR\">PRODUITS DURABLES<\/span><\/p>\n<p>[\/vc_column_text][vc_column_text]<\/p>\n<h3 class=\"P68B1DB1-Normale7\"><span lang=\"FR\">Choix de produits durables<\/span><\/h3>\n<p>[\/vc_column_text][\/vc_column_inner][vc_column_inner width=\u00a0\u00bb5\/12&Prime; offset=\u00a0\u00bbvc_col-lg-5 vc_col-md-5 vc_col-xs-12&Prime;][vc_column_text]La sensibilit\u00e9 de FABO vis-\u00e0-vis de l&rsquo;environnement se manifeste aussi concr\u00e8tement \u00e0 travers quelques choix importants en mati\u00e8re de <strong>d\u00e9veloppement produit\u00a0:<\/strong><\/p>\n<ul>\n<li>Les <strong>rubans Acryliques<\/strong> sont fabriqu\u00e9s avec de l&rsquo;adh\u00e9sif \u00e0 base d&rsquo;eau, <strong>100 % sans solvant<\/strong>, c&rsquo;est-\u00e0-dire sans solvant nocif.<\/li>\n<li><strong>Le papier gomm\u00e9<\/strong> <strong>\/ Water activated tape<\/strong> est un ruban d&#8217;emballage naturel, <strong>100 % recyclable<\/strong> puisqu&rsquo; il est compos\u00e9 de substances naturelles qui permettent son recyclage total\u00a0: papier (100 % cellulose) et colle v\u00e9g\u00e9tale (amidon de ma\u00efs ou pommes de terre).<\/li>\n<\/ul>\n<p>[\/vc_column_text][\/vc_column_inner][\/vc_row_inner][\/vc_column][\/vc_row][vc_row full_width=\u00a0\u00bbstretch_row_content_no_spaces\u00a0\u00bb el_class=\u00a0\u00bbbg-grigio-destra bg-grigio\u00a0\u00bb css=\u00a0\u00bb.vc_custom_1664183921145{margin-bottom: 0px !important;border-bottom-width: 0px !important;}\u00a0\u00bb][vc_column width=\u00a0\u00bb1\/4&Prime;][\/vc_column][vc_column width=\u00a0\u00bb1\/2&Prime;][vc_video link=\u00a0\u00bbhttps:\/\/youtu.be\/KLTp-BLhXo4&Prime; align=\u00a0\u00bbcenter\u00a0\u00bb][\/vc_column][vc_column width=\u00a0\u00bb1\/4&Prime;][\/vc_column][\/vc_row][vc_row disable_element=\u00a0\u00bbyes\u00a0\u00bb][vc_column]<div class=\"vc_row wpb_row vc_row-fluid vc_custom_1517330603003\"><div class=\"wpb_column vc_column_container vc_col-sm-12\"><div class=\"vc_column-inner\"><div class=\"wpb_wrapper\"><div class=\"vc_row wpb_row vc_inner vc_row-fluid\"><div class=\"wpb_column vc_column_container vc_col-sm-12 vc_col-lg-offset-3 vc_col-lg-6 vc_col-md-offset-1 vc_col-md-10\"><div class=\"vc_column-inner\"><div class=\"wpb_wrapper\">\n\t<div class=\"wpb_text_column wpb_content_element  label-riga label-a-capo text-center\" >\n\t\t<div class=\"wpb_wrapper\">\n\t\t\t<p>FABO ET L\u2019ENVIRONNEMENT<\/p>\n\n\t\t<\/div>\n\t<\/div>\n\n\t<div class=\"wpb_text_column wpb_content_element  text-center\" >\n\t\t<div class=\"wpb_wrapper\">\n\t\t\t<h3><strong>Fabo est \u00e9cologique!<\/strong><\/h3>\n\n\t\t<\/div>\n\t<\/div>\n\n\t<div class=\"wpb_text_column wpb_content_element  vc_custom_1588077027418 text-center\" >\n\t\t<div class=\"wpb_wrapper\">\n\t\t\t<p>Nous prenons tr\u00e8s au s\u00e9rieux la question de la protection de l\u2019environnement. C\u2019est pourquoi FABO applique une politique soign\u00e9e d\u2019exploitation rationnelle des ressources. Tous les d\u00e9partements de production sont \u00e9quip\u00e9s de syst\u00e8mes \u00e0 basse consommation d\u2019\u00e9nergie et de dispositifs de s\u00e9curit\u00e9 et de contr\u00f4le automatiques respectant l\u2019environnement. Ceci permet d\u2019obtenir les r\u00e9sultats suivants:<\/p>\n\n\t\t<\/div>\n\t<\/div>\n<\/div><\/div><\/div><\/div><div class=\"vc_row wpb_row vc_inner vc_row-fluid vc_row-o-equal-height vc_row-o-content-top vc_row-flex\"><div class=\"pot-green wpb_column vc_column_container vc_col-sm-4\"><div class=\"vc_column-inner\"><div class=\"wpb_wrapper\">\n\t<div  class=\"wpb_single_image wpb_content_element vc_align_center\">\n\t\t\n\t\t<figure class=\"wpb_wrapper vc_figure\">\n\t\t\t<div class=\"vc_single_image-wrapper   vc_box_border_grey\"><img loading=\"lazy\" decoding=\"async\" width=\"300\" height=\"300\" src=\"https:\/\/staging.fabotape.com\/wp-content\/uploads\/2018\/01\/icon_green_1.png\" class=\"vc_single_image-img attachment-full\" alt=\"\" title=\"icon_green_1\" srcset=\"https:\/\/staging.fabotape.com\/wp-content\/uploads\/2018\/01\/icon_green_1.png 300w, https:\/\/staging.fabotape.com\/wp-content\/uploads\/2018\/01\/icon_green_1-150x150.png 150w\" sizes=\"auto, (max-width: 300px) 100vw, 300px\" \/><\/div>\n\t\t<\/figure>\n\t<\/div>\n\n\t<div class=\"wpb_text_column wpb_content_element \" >\n\t\t<div class=\"wpb_wrapper\">\n\t\t\t<p><strong>Recyclage total <\/strong>des d\u00e9chets de traitement issus des diff\u00e9rentes phases de production.<\/p>\n\n\t\t<\/div>\n\t<\/div>\n<\/div><\/div><\/div><div class=\"pot-green pot-green-middle wpb_column vc_column_container vc_col-sm-4\"><div class=\"vc_column-inner\"><div class=\"wpb_wrapper\">\n\t<div  class=\"wpb_single_image wpb_content_element vc_align_center\">\n\t\t\n\t\t<figure class=\"wpb_wrapper vc_figure\">\n\t\t\t<div class=\"vc_single_image-wrapper   vc_box_border_grey\"><img loading=\"lazy\" decoding=\"async\" width=\"300\" height=\"300\" src=\"https:\/\/staging.fabotape.com\/wp-content\/uploads\/2018\/01\/icon_green_2.png\" class=\"vc_single_image-img attachment-full\" alt=\"\" title=\"icon_green_2\" srcset=\"https:\/\/staging.fabotape.com\/wp-content\/uploads\/2018\/01\/icon_green_2.png 300w, https:\/\/staging.fabotape.com\/wp-content\/uploads\/2018\/01\/icon_green_2-150x150.png 150w\" sizes=\"auto, (max-width: 300px) 100vw, 300px\" \/><\/div>\n\t\t<\/figure>\n\t<\/div>\n\n\t<div class=\"wpb_text_column wpb_content_element \" >\n\t\t<div class=\"wpb_wrapper\">\n\t\t\t<p><strong>Contr\u00f4le des d\u00e9chets<\/strong> et r\u00e9duction des \u00e9missions nocives. <\/p>\n\n\t\t<\/div>\n\t<\/div>\n<\/div><\/div><\/div><div class=\"pot-green wpb_column vc_column_container vc_col-sm-4\"><div class=\"vc_column-inner\"><div class=\"wpb_wrapper\">\n\t<div  class=\"wpb_single_image wpb_content_element vc_align_center\">\n\t\t\n\t\t<figure class=\"wpb_wrapper vc_figure\">\n\t\t\t<div class=\"vc_single_image-wrapper   vc_box_border_grey\"><img loading=\"lazy\" decoding=\"async\" width=\"300\" height=\"300\" src=\"https:\/\/staging.fabotape.com\/wp-content\/uploads\/2018\/01\/icon_green_3.png\" class=\"vc_single_image-img attachment-full\" alt=\"\" title=\"icon_green_3\" srcset=\"https:\/\/staging.fabotape.com\/wp-content\/uploads\/2018\/01\/icon_green_3.png 300w, https:\/\/staging.fabotape.com\/wp-content\/uploads\/2018\/01\/icon_green_3-150x150.png 150w\" sizes=\"auto, (max-width: 300px) 100vw, 300px\" \/><\/div>\n\t\t<\/figure>\n\t<\/div>\n\n\t<div class=\"wpb_text_column wpb_content_element \" >\n\t\t<div class=\"wpb_wrapper\">\n\t\t\t<p>Les installations de<strong> cog\u00e9n\u00e9ration et photovolta\u00efques<\/strong> fournissent 40 % des besoins en \u00e9nergie de l\u2019entreprise.<\/p>\n\n\t\t<\/div>\n\t<\/div>\n<\/div><\/div><\/div><\/div><\/div><\/div><\/div><\/div>\n[\/vc_column][\/vc_row]<\/p>\n","protected":false},"excerpt":{"rendered":"FABO ET L\u2019ENVIRONNEMENT Fabo est \u00e9cologique! Nous prenons tr\u00e8s au s\u00e9rieux la question de la protection de l\u2019environnement. C\u2019est pourquoi FABO applique une politique soign\u00e9e d\u2019exploitation rationnelle des ressources. Tous...","protected":false},"author":3,"featured_media":0,"parent":0,"menu_order":0,"comment_status":"closed","ping_status":"closed","template":"","meta":{"_acf_changed":false,"footnotes":""},"tags":[],"class_list":["post-3300","page","type-page","status-publish","hentry"],"acf":[],"_links":{"self":[{"href":"https:\/\/staging.fabotape.com\/fr\/wp-json\/wp\/v2\/pages\/3300","targetHints":{"allow":["GET"]}}],"collection":[{"href":"https:\/\/staging.fabotape.com\/fr\/wp-json\/wp\/v2\/pages"}],"about":[{"href":"https:\/\/staging.fabotape.com\/fr\/wp-json\/wp\/v2\/types\/page"}],"author":[{"embeddable":true,"href":"https:\/\/staging.fabotape.com\/fr\/wp-json\/wp\/v2\/users\/3"}],"replies":[{"embeddable":true,"href":"https:\/\/staging.fabotape.com\/fr\/wp-json\/wp\/v2\/comments?post=3300"}],"version-history":[{"count":3,"href":"https:\/\/staging.fabotape.com\/fr\/wp-json\/wp\/v2\/pages\/3300\/revisions"}],"predecessor-version":[{"id":3333,"href":"https:\/\/staging.fabotape.com\/fr\/wp-json\/wp\/v2\/pages\/3300\/revisions\/3333"}],"wp:attachment":[{"href":"https:\/\/staging.fabotape.com\/fr\/wp-json\/wp\/v2\/media?parent=3300"}],"wp:term":[{"taxonomy":"post_tag","embeddable":true,"href":"https:\/\/staging.fabotape.com\/fr\/wp-json\/wp\/v2\/tags?post=3300"}],"curies":[{"name":"wp","href":"https:\/\/api.w.org\/{rel}","templated":true}]}}