{"id":3308,"date":"2022-11-23T13:13:32","date_gmt":"2022-11-23T12:13:32","guid":{"rendered":"https:\/\/staging.fabotape.com\/?page_id=3308"},"modified":"2022-11-23T15:32:58","modified_gmt":"2022-11-23T14:32:58","slug":"nachhaltigkeit","status":"publish","type":"page","link":"https:\/\/staging.fabotape.com\/de\/nachhaltigkeit\/","title":{"rendered":"Nachhaltigkeit"},"content":{"rendered":"<p>[vc_row full_width=&#8220;stretch_row_content_no_spaces&#8220; el_class=&#8220;bg-grigio-destra bg-grigio&#8220;][vc_column][vc_row_inner content_placement=&#8220;top&#8220; el_class=&#8220;riga-testo-due-colonne in-grid riga-produzione-grigia&#8220;][vc_column_inner width=&#8220;5\/12&#8243; offset=&#8220;vc_col-lg-offset-1 vc_col-lg-5 vc_col-md-offset-1 vc_col-md-5 vc_col-sm-offset-1 vc_col-xs-12&#8243; css=&#8220;.vc_custom_1517569050020{padding-right: 30px !important;}&#8220;][vc_column_text el_class=&#8220;label-riga&#8220;][\/vc_column_text][vc_column_text]<\/p>\n<h3>&#8220; Fabo macht Nachhaltigkeit zu einem strategischen Entwicklungs- und Wachstumstreiber &#8222;<\/h3>\n<p>[\/vc_column_text][\/vc_column_inner][vc_column_inner width=&#8220;5\/12&#8243; offset=&#8220;vc_col-lg-5 vc_col-md-5 vc_col-xs-12&#8243;][vc_column_text]Das Wachstum von FABO wurde stets von einem st\u00e4ndigen Fokus auf <strong>\u00f6kologische Nachhaltigkeit<\/strong>begleitet: Aus diesem Grund verfolgt Fabo seit jeher eine Unternehmenspolitik, die auf der Vermeidung von Abf\u00e4llen basiert und versucht, die Auswirkungen seiner Aktivit\u00e4ten auf die Umwelt zu minimieren.[\/vc_column_text][\/vc_column_inner][\/vc_row_inner][vc_row_inner el_class=&#8220;galleria-immagini&#8220;][vc_column_inner width=&#8220;1\/3&#8243; offset=&#8220;vc_hidden-xs&#8220;][vc_single_image image=&#8220;2991&#8243; img_size=&#8220;full&#8220;][\/vc_column_inner][vc_column_inner width=&#8220;1\/3&#8243; offset=&#8220;vc_hidden-xs&#8220;][vc_single_image image=&#8220;3056&#8243; img_size=&#8220;full&#8220;][\/vc_column_inner][vc_column_inner width=&#8220;1\/3&#8243;][vc_single_image image=&#8220;294&#8243; img_size=&#8220;full&#8220;][\/vc_column_inner][\/vc_row_inner][\/vc_column][\/vc_row][vc_row full_width=&#8220;stretch_row_content_no_spaces&#8220; el_class=&#8220;bg-grigio-sinistra bg-grigio&#8220;][vc_column][vc_row_inner equal_height=&#8220;yes&#8220; content_placement=&#8220;top&#8220; el_class=&#8220;riga-testo-due-colonne in-grid riga-produzione-grigia&#8220;][vc_column_inner width=&#8220;5\/12&#8243; offset=&#8220;vc_col-lg-offset-1 vc_col-lg-5 vc_col-md-offset-1 vc_col-md-5 vc_col-sm-offset-1 vc_col-xs-12&#8243; css=&#8220;.vc_custom_1517569121617{padding-right: 30px !important;}&#8220;][vc_column_text el_class=&#8220;label-riga&#8220;]<\/p>\n<p class=\"P68B1DB1-Normale4\">ENERGIEEINSPARUNG<\/p>\n<p>[\/vc_column_text][vc_column_text]<\/p>\n<h3>Fabos Aktionen in dieser Richtung:<\/h3>\n<ul>\n<li><strong>Seit 2013<\/strong> wurden am Standort Larciano (PT) <strong>Photovoltaikmodule<\/strong> mit einer Kapazit\u00e4t von 196 kW installiert, die den CO2-Fu\u00dfabdruck um rund 92 Tonnen pro Jahr reduzieren, was 9,9 % der Gesamtemissionen durch den erworbenen Strom entspricht.<\/li>\n<li>Im<strong> Jahr 2015<\/strong> wurde ein <strong>Programm zur R\u00fcckgewinnung von L\u00f6sungsmitteln <\/strong>eingef\u00fchrt, das die R\u00fcckgewinnung von 94 % der in der Produktion verwendeten Kohlenwasserstoffe erm\u00f6glicht.<\/li>\n<\/ul>\n<p>[\/vc_column_text][\/vc_column_inner][vc_column_inner width=&#8220;5\/12&#8243; offset=&#8220;vc_col-lg-5 vc_col-md-5 vc_col-xs-12&#8243;][vc_column_text]<\/p>\n<ul>\n<li>Seit 2018 sind alle Produktionsabteilungen und B\u00fcros mit <strong>energiesparenden Beleuchtungsanlagen (LEDs) ausgestattet.<\/strong><\/li>\n<li>Seit <strong>2020 <\/strong>ist eine <strong>1MW-KWK-Anlage <\/strong>installiert<strong>: <\/strong>Sie erm\u00f6glicht die kombinierte Eigenproduktion von Strom, W\u00e4rme und K\u00e4lte. Die Installation des Kraft-W\u00e4rme-K\u00e4lte-Kopplers f\u00fchrte zu einer <strong>Energieeinsparung von 25 % im Vergleich zu den Vorjahren.<\/strong><\/li>\n<li>Im Jahr 2021 wurden die Firmenwagen durch <strong>Autos mit Hybridtechnologie<\/strong>ersetzt, h. mit integriertem W\u00e4rme- und Elektromotor, und wurde der Firmenparkplatz mit speziellen Lades\u00e4ulen ausstattet.<\/li>\n<\/ul>\n<p>Durch Photovoltaikanlage und Kraft-W\u00e4rme&#8211;K\u00e4lte-Kopplung <strong>kann Fabo rund 90 % der verbrauchten Energie selbst produzieren<\/strong><strong>.<\/strong> Ein wichtiger Schritt in Richtung industrieller Effizienz.[\/vc_column_text][\/vc_column_inner][\/vc_row_inner][vc_row_inner el_class=&#8220;galleria-immagini&#8220;][vc_column_inner width=&#8220;1\/3&#8243; offset=&#8220;vc_hidden-xs&#8220;][vc_single_image image=&#8220;3077&#8243; img_size=&#8220;full&#8220;][\/vc_column_inner][vc_column_inner width=&#8220;1\/3&#8243;][vc_single_image image=&#8220;3081&#8243; img_size=&#8220;full&#8220;][\/vc_column_inner][vc_column_inner width=&#8220;1\/3&#8243; offset=&#8220;vc_hidden-xs&#8220;][vc_single_image image=&#8220;3073&#8243; img_size=&#8220;full&#8220;][\/vc_column_inner][\/vc_row_inner][\/vc_column][\/vc_row][vc_row full_width=&#8220;stretch_row_content_no_spaces&#8220; el_class=&#8220;bg-grigio-destra bg-grigio&#8220; css=&#8220;.vc_custom_1664183921145{margin-bottom: 0px !important;border-bottom-width: 0px !important;}&#8220;][vc_column][vc_row_inner equal_height=&#8220;yes&#8220; content_placement=&#8220;top&#8220; el_class=&#8220;riga-testo-due-colonne in-grid riga-produzione-grigia&#8220;][vc_column_inner width=&#8220;5\/12&#8243; offset=&#8220;vc_col-lg-offset-1 vc_col-lg-5 vc_col-md-offset-1 vc_col-md-5 vc_col-sm-offset-1 vc_col-xs-12&#8243; css=&#8220;.vc_custom_1517569423509{padding-right: 20px !important;}&#8220;][vc_column_text el_class=&#8220;label-riga&#8220;]<\/p>\n<p class=\"P68B1DB1-Normale4\">RECYCLING<\/p>\n<p>[\/vc_column_text][vc_column_text]<\/p>\n<h3 class=\"P68B1DB1-Normale3\">Die Aktionen von Fabo unter dem Gesichtspunkt des Recyclings:<\/h3>\n<p>[\/vc_column_text][vc_column_text][\/vc_column_text][\/vc_column_inner][vc_column_inner width=&#8220;5\/12&#8243; offset=&#8220;vc_col-lg-5 vc_col-md-5 vc_col-xs-12&#8243;][vc_column_text]<\/p>\n<ul>\n<li><strong>Recycling von Verarbeitungsabf\u00e4llen:<\/strong> Die aus Verarbeitungsabf\u00e4llen resultierenden Kunststoffe werden an spezialisierte Verarbeitungsbetriebe \u00fcbergeben und anschlie\u00dfend wiederverwendet.<\/li>\n<li><strong>Separate Sammlung in den B\u00fcros, <\/strong>Bereitstellung von Beh\u00e4ltern f\u00fcr die getrennte Sammlung neben den Getr\u00e4nke- und Snackautomaten .<\/li>\n<li>M\u00e4\u00dfiges Drucken, Wiederverwendung von gedruckten Bl\u00e4ttern f\u00fcr Notizen, Ersetzen von Papierkalendern durch digitale Kalender, sind nur einige der Ma\u00dfnahmen, die darauf abzielen,<strong> den Papierverbrauch<\/strong>in B\u00fcros zu minimieren .<\/li>\n<\/ul>\n<p>[\/vc_column_text][\/vc_column_inner][\/vc_row_inner][vc_row_inner el_class=&#8220;galleria-immagini&#8220;][vc_column_inner width=&#8220;1\/3&#8243;][vc_single_image image=&#8220;3016&#8243; img_size=&#8220;full&#8220;][\/vc_column_inner][vc_column_inner width=&#8220;1\/3&#8243; offset=&#8220;vc_hidden-xs&#8220;][vc_single_image image=&#8220;3020&#8243; img_size=&#8220;full&#8220;][\/vc_column_inner][vc_column_inner width=&#8220;1\/3&#8243; offset=&#8220;vc_hidden-xs&#8220;][vc_single_image image=&#8220;3068&#8243; img_size=&#8220;full&#8220;][\/vc_column_inner][\/vc_row_inner][vc_row_inner equal_height=&#8220;yes&#8220; content_placement=&#8220;top&#8220; el_class=&#8220;riga-testo-due-colonne in-grid riga-produzione-grigia&#8220;][vc_column_inner width=&#8220;5\/12&#8243; offset=&#8220;vc_col-lg-offset-1 vc_col-lg-5 vc_col-md-offset-1 vc_col-md-5 vc_col-sm-offset-1 vc_col-xs-12&#8243; css=&#8220;.vc_custom_1517569121617{padding-right: 30px !important;}&#8220;][vc_column_text el_class=&#8220;label-riga&#8220;]<\/p>\n<p class=\"P68B1DB1-Normale4\">NACHHALTIGE PRODUKTE<\/p>\n<p>[\/vc_column_text][vc_column_text]<\/p>\n<h3 class=\"P68B1DB1-Normale7\">Nachhaltige Entscheidungen auf Produktebene<\/h3>\n<p>[\/vc_column_text][\/vc_column_inner][vc_column_inner width=&#8220;5\/12&#8243; offset=&#8220;vc_col-lg-5 vc_col-md-5 vc_col-xs-12&#8243;][vc_column_text]Die Sensibilit\u00e4t von FABO f\u00fcr die Umwelt zeigt sich auch ganz konkret in einigen wichtigen Entscheidungen bei der <strong>Produktentwicklung<\/strong>:<\/p>\n<ul>\n<li>Unsere <strong>Acrylb\u00e4nder<\/strong> werden mit einem Klebstoff auf Wasserbasis hergestellt, der <strong>100 % l\u00f6sungsmittelfrei<\/strong>, d.h. frei von sch\u00e4dlichen L\u00f6sungsmitteln, ist.<\/li>\n<li><strong>Das gummierte Papier<\/strong> <strong>\/ Water activated tape<\/strong> ist ein nat\u00fcrliches Verpackungsband, das zu <strong>100 % recycelbar<\/strong> ist, da es aus nat\u00fcrlichen Substanzen besteht, die sein vollst\u00e4ndiges Recycling erm\u00f6glichen: Papier (100 % Zellulose) und Pflanzenkleber (Mais- oder Kartoffelst\u00e4rke).<\/li>\n<\/ul>\n<p>[\/vc_column_text][\/vc_column_inner][\/vc_row_inner][\/vc_column][\/vc_row][vc_row full_width=&#8220;stretch_row_content_no_spaces&#8220; el_class=&#8220;bg-grigio-destra bg-grigio&#8220; css=&#8220;.vc_custom_1664183921145{margin-bottom: 0px !important;border-bottom-width: 0px !important;}&#8220;][vc_column width=&#8220;1\/4&#8243;][\/vc_column][vc_column width=&#8220;1\/2&#8243;][vc_video link=&#8220;https:\/\/youtu.be\/KLTp-BLhXo4&#8243; align=&#8220;center&#8220;][\/vc_column][vc_column width=&#8220;1\/4&#8243;][\/vc_column][\/vc_row][vc_row disable_element=&#8220;yes&#8220;][vc_column]<div class=\"vc_row wpb_row vc_row-fluid vc_custom_1517330603003\"><div class=\"wpb_column vc_column_container vc_col-sm-12\"><div class=\"vc_column-inner\"><div class=\"wpb_wrapper\"><div class=\"vc_row wpb_row vc_inner vc_row-fluid\"><div class=\"wpb_column vc_column_container vc_col-sm-12 vc_col-lg-offset-3 vc_col-lg-6 vc_col-md-offset-1 vc_col-md-10\"><div class=\"vc_column-inner\"><div class=\"wpb_wrapper\">\n\t<div class=\"wpb_text_column wpb_content_element  label-riga label-a-capo text-center\" >\n\t\t<div class=\"wpb_wrapper\">\n\t\t\t<p>FABO UND DIE UMWELT<\/p>\n\n\t\t<\/div>\n\t<\/div>\n\n\t<div class=\"wpb_text_column wpb_content_element  text-center\" >\n\t\t<div class=\"wpb_wrapper\">\n\t\t\t<h3><strong>Fabo ist gr\u00fcn!<\/strong><\/h3>\n\n\t\t<\/div>\n\t<\/div>\n\n\t<div class=\"wpb_text_column wpb_content_element  vc_custom_1588252547057 text-center\" >\n\t\t<div class=\"wpb_wrapper\">\n\t\t\t<p>Wir nehmen das Thema Umweltschutz sehr ernst, weshalb wir bei FABO eine sorgf\u00e4ltige Politik des rationellen Umgangs mit Ressourcen verfolgen. Alle Produktionsabteilungen sind mit Systemen mit niedrigem Energieverbrauch und automatischen Sicherheits- und Steuerungsvorrichtungen ausgestattet, um den Anforderungen des Umweltschutzes nachzukommen. Darunter unter anderem:<\/p>\n\n\t\t<\/div>\n\t<\/div>\n<\/div><\/div><\/div><\/div><div class=\"vc_row wpb_row vc_inner vc_row-fluid vc_row-o-equal-height vc_row-o-content-top vc_row-flex\"><div class=\"pot-green wpb_column vc_column_container vc_col-sm-4\"><div class=\"vc_column-inner\"><div class=\"wpb_wrapper\">\n\t<div  class=\"wpb_single_image wpb_content_element vc_align_center\">\n\t\t\n\t\t<figure class=\"wpb_wrapper vc_figure\">\n\t\t\t<div class=\"vc_single_image-wrapper   vc_box_border_grey\"><img loading=\"lazy\" decoding=\"async\" width=\"300\" height=\"300\" src=\"https:\/\/staging.fabotape.com\/wp-content\/uploads\/2018\/01\/icon_green_1.png\" class=\"vc_single_image-img attachment-full\" alt=\"\" title=\"icon_green_1\" srcset=\"https:\/\/staging.fabotape.com\/wp-content\/uploads\/2018\/01\/icon_green_1.png 300w, https:\/\/staging.fabotape.com\/wp-content\/uploads\/2018\/01\/icon_green_1-150x150.png 150w\" sizes=\"auto, (max-width: 300px) 100vw, 300px\" \/><\/div>\n\t\t<\/figure>\n\t<\/div>\n\n\t<div class=\"wpb_text_column wpb_content_element \" >\n\t\t<div class=\"wpb_wrapper\">\n\t\t\t<p><strong>Vollst\u00e4ndiges Recycling<\/strong> von Verarbeitungsabf\u00e4llen aus den verschiedenen Produktionsphasen.<\/p>\n\n\t\t<\/div>\n\t<\/div>\n<\/div><\/div><\/div><div class=\"pot-green pot-green-middle wpb_column vc_column_container vc_col-sm-4\"><div class=\"vc_column-inner\"><div class=\"wpb_wrapper\">\n\t<div  class=\"wpb_single_image wpb_content_element vc_align_center\">\n\t\t\n\t\t<figure class=\"wpb_wrapper vc_figure\">\n\t\t\t<div class=\"vc_single_image-wrapper   vc_box_border_grey\"><img loading=\"lazy\" decoding=\"async\" width=\"300\" height=\"300\" src=\"https:\/\/staging.fabotape.com\/wp-content\/uploads\/2018\/01\/icon_green_2.png\" class=\"vc_single_image-img attachment-full\" alt=\"\" title=\"icon_green_2\" srcset=\"https:\/\/staging.fabotape.com\/wp-content\/uploads\/2018\/01\/icon_green_2.png 300w, https:\/\/staging.fabotape.com\/wp-content\/uploads\/2018\/01\/icon_green_2-150x150.png 150w\" sizes=\"auto, (max-width: 300px) 100vw, 300px\" \/><\/div>\n\t\t<\/figure>\n\t<\/div>\n\n\t<div class=\"wpb_text_column wpb_content_element \" >\n\t\t<div class=\"wpb_wrapper\">\n\t\t\t<p><strong>Abfallkontrolle<\/strong> und Reduzierung der Schadstoffemissionen.<\/p>\n\n\t\t<\/div>\n\t<\/div>\n<\/div><\/div><\/div><div class=\"pot-green wpb_column vc_column_container vc_col-sm-4\"><div class=\"vc_column-inner\"><div class=\"wpb_wrapper\">\n\t<div  class=\"wpb_single_image wpb_content_element vc_align_center\">\n\t\t\n\t\t<figure class=\"wpb_wrapper vc_figure\">\n\t\t\t<div class=\"vc_single_image-wrapper   vc_box_border_grey\"><img loading=\"lazy\" decoding=\"async\" width=\"300\" height=\"300\" src=\"https:\/\/staging.fabotape.com\/wp-content\/uploads\/2018\/01\/icon_green_3.png\" class=\"vc_single_image-img attachment-full\" alt=\"\" title=\"icon_green_3\" srcset=\"https:\/\/staging.fabotape.com\/wp-content\/uploads\/2018\/01\/icon_green_3.png 300w, https:\/\/staging.fabotape.com\/wp-content\/uploads\/2018\/01\/icon_green_3-150x150.png 150w\" sizes=\"auto, (max-width: 300px) 100vw, 300px\" \/><\/div>\n\t\t<\/figure>\n\t<\/div>\n\n\t<div class=\"wpb_text_column wpb_content_element \" >\n\t\t<div class=\"wpb_wrapper\">\n\t\t\t<p><strong>40 % des Energiebedarfs<\/strong> des Unternehmens werden durch KWK- und Photovoltaikanlagen gedeckt.<\/p>\n\n\t\t<\/div>\n\t<\/div>\n<\/div><\/div><\/div><\/div><\/div><\/div><\/div><\/div>\n[\/vc_column][\/vc_row]<\/p>\n","protected":false},"excerpt":{"rendered":"FABO UND DIE UMWELT Fabo ist gr\u00fcn! Wir nehmen das Thema Umweltschutz sehr ernst, weshalb wir bei FABO eine sorgf\u00e4ltige Politik des rationellen Umgangs mit Ressourcen verfolgen. Alle Produktionsabteilungen sind...","protected":false},"author":3,"featured_media":0,"parent":0,"menu_order":0,"comment_status":"closed","ping_status":"closed","template":"","meta":{"_acf_changed":false,"footnotes":""},"tags":[],"class_list":["post-3308","page","type-page","status-publish","hentry"],"acf":[],"_links":{"self":[{"href":"https:\/\/staging.fabotape.com\/de\/wp-json\/wp\/v2\/pages\/3308","targetHints":{"allow":["GET"]}}],"collection":[{"href":"https:\/\/staging.fabotape.com\/de\/wp-json\/wp\/v2\/pages"}],"about":[{"href":"https:\/\/staging.fabotape.com\/de\/wp-json\/wp\/v2\/types\/page"}],"author":[{"embeddable":true,"href":"https:\/\/staging.fabotape.com\/de\/wp-json\/wp\/v2\/users\/3"}],"replies":[{"embeddable":true,"href":"https:\/\/staging.fabotape.com\/de\/wp-json\/wp\/v2\/comments?post=3308"}],"version-history":[{"count":4,"href":"https:\/\/staging.fabotape.com\/de\/wp-json\/wp\/v2\/pages\/3308\/revisions"}],"predecessor-version":[{"id":3334,"href":"https:\/\/staging.fabotape.com\/de\/wp-json\/wp\/v2\/pages\/3308\/revisions\/3334"}],"wp:attachment":[{"href":"https:\/\/staging.fabotape.com\/de\/wp-json\/wp\/v2\/media?parent=3308"}],"wp:term":[{"taxonomy":"post_tag","embeddable":true,"href":"https:\/\/staging.fabotape.com\/de\/wp-json\/wp\/v2\/tags?post=3308"}],"curies":[{"name":"wp","href":"https:\/\/api.w.org\/{rel}","templated":true}]}}